{"id":10872,"date":"2023-11-27T17:10:41","date_gmt":"2023-11-27T16:10:41","guid":{"rendered":"https:\/\/www.maluentu.net\/torre-di-capo-mannu\/"},"modified":"2023-12-18T11:04:25","modified_gmt":"2023-12-18T10:04:25","slug":"torre-di-capo-mannu","status":"publish","type":"page","link":"https:\/\/www.maluentu.net\/de\/das-gebiet\/torre-di-capo-mannu\/","title":{"rendered":"Torre di Capo Mannu"},"content":{"rendered":"\t\t<div data-elementor-type=\"wp-page\" data-elementor-id=\"10872\" class=\"elementor elementor-10872 elementor-9983\" data-elementor-post-type=\"page\">\n\t\t\t\t<div class=\"elementor-element elementor-element-695b2ae e-flex e-con-boxed e-con e-parent\" data-id=\"695b2ae\" data-element_type=\"container\">\n\t\t\t\t\t<div class=\"e-con-inner\">\n\t\t<div class=\"elementor-element elementor-element-2c55633 e-con-full e-flex e-con e-child\" data-id=\"2c55633\" data-element_type=\"container\">\n\t\t\t\t<div class=\"elementor-element elementor-element-ca09938 elementor-widget elementor-widget-heading\" data-id=\"ca09938\" data-element_type=\"widget\" data-widget_type=\"heading.default\">\n\t\t\t\t<div class=\"elementor-widget-container\">\n\t\t\t\t\t<h2 class=\"elementor-heading-title elementor-size-default\">Torre di Capo Mannu<\/h2>\t\t\t\t<\/div>\n\t\t\t\t<\/div>\n\t\t\t\t<div class=\"elementor-element elementor-element-4412360e elementor-widget elementor-widget-text-editor\" data-id=\"4412360e\" data-element_type=\"widget\" data-widget_type=\"text-editor.default\">\n\t\t\t\t<div class=\"elementor-widget-container\">\n\t\t\t\t\t\t\t\t\t<p>Torre di Capo Mannu: Der H\u00fcgel, auf dem der Turm steht, wurde 1572 als &#8222;Capo las Salinas&#8220; und 1578 als &#8222;Monte delle Saline di Oristano&#8220; bezeichnet. Der heutige Name, Capo Mannu, erschien 1590 in Latein und 1620 auf Spanisch als &#8222;Cabo Ma\u00f1o&#8220;. Erbaut im Jahr 1572, um die Bucht von Su Pallosu zu \u00fcberwachen und die Thunfischfischerei zu beobachten, wachte der Turm \u00fcber die Nordk\u00fcste von Sinis bis zu Is Arenas, den Klippen von Santa Caterina und dem Turm von Capo Nieddu. 1572 schlug Camos den Bau eines einfachen Turms zum Schutz der Salinen vor. 1801 wurde er mit einem Artilleristen, zwei Kanonen, einer Muskete und Gewehren ausgestattet, die zu den bereits vorhandenen Ausr\u00fcstungen hinzugef\u00fcgt wurden.<\/p>\t\t\t\t\t\t\t\t<\/div>\n\t\t\t\t<\/div>\n\t\t\t\t<\/div>\n\t\t<div class=\"elementor-element elementor-element-7c92b07 e-con-full e-flex e-con e-child\" data-id=\"7c92b07\" data-element_type=\"container\">\n\t\t\t\t<div class=\"elementor-element elementor-element-a5b968e elementor-widget elementor-widget-image\" data-id=\"a5b968e\" data-element_type=\"widget\" data-widget_type=\"image.default\">\n\t\t\t\t<div class=\"elementor-widget-container\">\n\t\t\t\t\t\t\t\t\t\t\t\t\t\t\t<img fetchpriority=\"high\" decoding=\"async\" width=\"800\" height=\"533\" src=\"https:\/\/www.maluentu.net\/wp-content\/uploads\/2023\/11\/Torre-di-Capo-Mannu.jpg\" class=\"attachment-large size-large wp-image-10873\" alt=\"\" srcset=\"https:\/\/www.maluentu.net\/wp-content\/uploads\/2023\/11\/Torre-di-Capo-Mannu.jpg 800w, https:\/\/www.maluentu.net\/wp-content\/uploads\/2023\/11\/Torre-di-Capo-Mannu-300x200.jpg 300w, https:\/\/www.maluentu.net\/wp-content\/uploads\/2023\/11\/Torre-di-Capo-Mannu-768x512.jpg 768w, https:\/\/www.maluentu.net\/wp-content\/uploads\/2023\/11\/Torre-di-Capo-Mannu-120x80.jpg 120w\" sizes=\"(max-width: 800px) 100vw, 800px\" \/>\t\t\t\t\t\t\t\t\t\t\t\t\t\t\t<\/div>\n\t\t\t\t<\/div>\n\t\t\t\t<\/div>\n\t\t\t\t\t<\/div>\n\t\t\t\t<\/div>\n\t\t<div class=\"elementor-element elementor-element-73cf7b00 e-flex e-con-boxed e-con e-parent\" data-id=\"73cf7b00\" data-element_type=\"container\">\n\t\t\t\t\t<div class=\"e-con-inner\">\n\t\t\t\t\t<\/div>\n\t\t\t\t<\/div>\n\t\t\t\t<\/div>\n\t\t","protected":false},"excerpt":{"rendered":"<p>Torre di Capo Mannu Torre di Capo Mannu: Der H\u00fcgel, auf dem der Turm steht, wurde 1572 als &#8222;Capo las Salinas&#8220; und 1578 als &#8222;Monte delle Saline di Oristano&#8220; bezeichnet. Der heutige Name, Capo Mannu, erschien 1590 in Latein und 1620 auf Spanisch als &#8222;Cabo Ma\u00f1o&#8220;. Erbaut im Jahr 1572, um die Bucht von Su [&hellip;]<\/p>\n","protected":false},"author":1,"featured_media":10873,"parent":10974,"menu_order":0,"comment_status":"closed","ping_status":"closed","template":"elementor_header_footer","meta":{"inline_featured_image":false,"footnotes":""},"class_list":["post-10872","page","type-page","status-publish","has-post-thumbnail","hentry"],"yoast_head":"<!-- This site is optimized with the Yoast SEO plugin v26.8 - https:\/\/yoast.com\/product\/yoast-seo-wordpress\/ -->\n<title>Torre di Capo Mannu - Maluentu - Hotel, Bar &amp; Restaurant<\/title>\n<meta name=\"description\" content=\"Torre di Capo Mannu Torre di Capo Mannu: Der H\u00fcgel, auf dem der Turm steht, wurde 1572 als &quot;Capo las Salinas&quot; und 1578 als &quot;Monte delle Saline di\" \/>\n<meta name=\"robots\" content=\"index, follow, max-snippet:-1, max-image-preview:large, max-video-preview:-1\" \/>\n<link rel=\"canonical\" href=\"https:\/\/www.maluentu.net\/territorio\/torre-di-capo-mannu\/\" \/>\n<meta property=\"og:locale\" content=\"de_DE\" \/>\n<meta property=\"og:type\" content=\"article\" \/>\n<meta property=\"og:title\" content=\"Torre di Capo Mannu - Maluentu - Hotel, Bar &amp; Restaurant\" \/>\n<meta property=\"og:description\" content=\"Torre di Capo Mannu Torre di Capo Mannu: Der H\u00fcgel, auf dem der Turm steht, wurde 1572 als &quot;Capo las Salinas&quot; und 1578 als &quot;Monte delle Saline di\" \/>\n<meta property=\"og:url\" content=\"https:\/\/www.maluentu.net\/territorio\/torre-di-capo-mannu\/\" \/>\n<meta property=\"og:site_name\" content=\"Maluentu - Hotel, Bar &amp; Restaurant\" \/>\n<meta property=\"article:publisher\" content=\"https:\/\/www.facebook.com\/MaluentuPutzuidu\" \/>\n<meta property=\"article:modified_time\" content=\"2023-12-18T10:04:25+00:00\" \/>\n<meta property=\"og:image\" content=\"https:\/\/www.maluentu.net\/wp-content\/uploads\/2023\/11\/Torre-di-Capo-Mannu.jpg\" \/>\n\t<meta property=\"og:image:width\" content=\"800\" \/>\n\t<meta property=\"og:image:height\" content=\"533\" \/>\n\t<meta property=\"og:image:type\" content=\"image\/jpeg\" \/>\n<meta name=\"twitter:card\" content=\"summary_large_image\" \/>\n<meta name=\"twitter:label1\" content=\"Gesch\u00e4tzte Lesezeit\" \/>\n\t<meta name=\"twitter:data1\" content=\"1\u00a0Minute\" \/>\n<script type=\"application\/ld+json\" class=\"yoast-schema-graph\">{\"@context\":\"https:\/\/schema.org\",\"@graph\":[{\"@type\":\"WebPage\",\"@id\":\"https:\/\/www.maluentu.net\/territorio\/torre-di-capo-mannu\/\",\"url\":\"https:\/\/www.maluentu.net\/territorio\/torre-di-capo-mannu\/\",\"name\":\"Torre di Capo Mannu - Maluentu - Hotel, Bar &amp; Restaurant\",\"isPartOf\":{\"@id\":\"https:\/\/www.maluentu.net\/#website\"},\"primaryImageOfPage\":{\"@id\":\"https:\/\/www.maluentu.net\/territorio\/torre-di-capo-mannu\/#primaryimage\"},\"image\":{\"@id\":\"https:\/\/www.maluentu.net\/territorio\/torre-di-capo-mannu\/#primaryimage\"},\"thumbnailUrl\":\"https:\/\/www.maluentu.net\/wp-content\/uploads\/2023\/11\/Torre-di-Capo-Mannu.jpg\",\"datePublished\":\"2023-11-27T16:10:41+00:00\",\"dateModified\":\"2023-12-18T10:04:25+00:00\",\"description\":\"Torre di Capo Mannu Torre di Capo Mannu: Der H\u00fcgel, auf dem der Turm steht, wurde 1572 als \\\"Capo las Salinas\\\" und 1578 als \\\"Monte delle Saline di\",\"breadcrumb\":{\"@id\":\"https:\/\/www.maluentu.net\/territorio\/torre-di-capo-mannu\/#breadcrumb\"},\"inLanguage\":\"de\",\"potentialAction\":[{\"@type\":\"ReadAction\",\"target\":[\"https:\/\/www.maluentu.net\/territorio\/torre-di-capo-mannu\/\"]}]},{\"@type\":\"ImageObject\",\"inLanguage\":\"de\",\"@id\":\"https:\/\/www.maluentu.net\/territorio\/torre-di-capo-mannu\/#primaryimage\",\"url\":\"https:\/\/www.maluentu.net\/wp-content\/uploads\/2023\/11\/Torre-di-Capo-Mannu.jpg\",\"contentUrl\":\"https:\/\/www.maluentu.net\/wp-content\/uploads\/2023\/11\/Torre-di-Capo-Mannu.jpg\",\"width\":800,\"height\":533},{\"@type\":\"BreadcrumbList\",\"@id\":\"https:\/\/www.maluentu.net\/territorio\/torre-di-capo-mannu\/#breadcrumb\",\"itemListElement\":[{\"@type\":\"ListItem\",\"position\":1,\"name\":\"Home\",\"item\":\"https:\/\/www.maluentu.net\/en\/\"},{\"@type\":\"ListItem\",\"position\":2,\"name\":\"Das Gebiet\",\"item\":\"https:\/\/www.maluentu.net\/de\/das-gebiet\/\"},{\"@type\":\"ListItem\",\"position\":3,\"name\":\"Torre di Capo Mannu\"}]},{\"@type\":\"WebSite\",\"@id\":\"https:\/\/www.maluentu.net\/#website\",\"url\":\"https:\/\/www.maluentu.net\/\",\"name\":\"Maluentu - Hotel, Bar & Restaurant\",\"description\":\"\",\"publisher\":{\"@id\":\"https:\/\/www.maluentu.net\/#organization\"},\"potentialAction\":[{\"@type\":\"SearchAction\",\"target\":{\"@type\":\"EntryPoint\",\"urlTemplate\":\"https:\/\/www.maluentu.net\/?s={search_term_string}\"},\"query-input\":{\"@type\":\"PropertyValueSpecification\",\"valueRequired\":true,\"valueName\":\"search_term_string\"}}],\"inLanguage\":\"de\"},{\"@type\":\"Organization\",\"@id\":\"https:\/\/www.maluentu.net\/#organization\",\"name\":\"Maluentu\",\"url\":\"https:\/\/www.maluentu.net\/\",\"logo\":{\"@type\":\"ImageObject\",\"inLanguage\":\"de\",\"@id\":\"https:\/\/www.maluentu.net\/#\/schema\/logo\/image\/\",\"url\":\"https:\/\/www.maluentu.net\/wp-content\/uploads\/2023\/10\/Logo_Maluentu_500.png\",\"contentUrl\":\"https:\/\/www.maluentu.net\/wp-content\/uploads\/2023\/10\/Logo_Maluentu_500.png\",\"width\":500,\"height\":500,\"caption\":\"Maluentu\"},\"image\":{\"@id\":\"https:\/\/www.maluentu.net\/#\/schema\/logo\/image\/\"},\"sameAs\":[\"https:\/\/www.facebook.com\/MaluentuPutzuidu\",\"https:\/\/www.instagram.com\/maluentu\/\"]}]}<\/script>\n<!-- \/ Yoast SEO plugin. -->","yoast_head_json":{"title":"Torre di Capo Mannu - Maluentu - Hotel, Bar &amp; Restaurant","description":"Torre di Capo Mannu Torre di Capo Mannu: Der H\u00fcgel, auf dem der Turm steht, wurde 1572 als \"Capo las Salinas\" und 1578 als \"Monte delle Saline di","robots":{"index":"index","follow":"follow","max-snippet":"max-snippet:-1","max-image-preview":"max-image-preview:large","max-video-preview":"max-video-preview:-1"},"canonical":"https:\/\/www.maluentu.net\/territorio\/torre-di-capo-mannu\/","og_locale":"de_DE","og_type":"article","og_title":"Torre di Capo Mannu - Maluentu - Hotel, Bar &amp; Restaurant","og_description":"Torre di Capo Mannu Torre di Capo Mannu: Der H\u00fcgel, auf dem der Turm steht, wurde 1572 als \"Capo las Salinas\" und 1578 als \"Monte delle Saline di","og_url":"https:\/\/www.maluentu.net\/territorio\/torre-di-capo-mannu\/","og_site_name":"Maluentu - Hotel, Bar &amp; Restaurant","article_publisher":"https:\/\/www.facebook.com\/MaluentuPutzuidu","article_modified_time":"2023-12-18T10:04:25+00:00","og_image":[{"width":800,"height":533,"url":"https:\/\/www.maluentu.net\/wp-content\/uploads\/2023\/11\/Torre-di-Capo-Mannu.jpg","type":"image\/jpeg"}],"twitter_card":"summary_large_image","twitter_misc":{"Gesch\u00e4tzte Lesezeit":"1\u00a0Minute"},"schema":{"@context":"https:\/\/schema.org","@graph":[{"@type":"WebPage","@id":"https:\/\/www.maluentu.net\/territorio\/torre-di-capo-mannu\/","url":"https:\/\/www.maluentu.net\/territorio\/torre-di-capo-mannu\/","name":"Torre di Capo Mannu - Maluentu - Hotel, Bar &amp; Restaurant","isPartOf":{"@id":"https:\/\/www.maluentu.net\/#website"},"primaryImageOfPage":{"@id":"https:\/\/www.maluentu.net\/territorio\/torre-di-capo-mannu\/#primaryimage"},"image":{"@id":"https:\/\/www.maluentu.net\/territorio\/torre-di-capo-mannu\/#primaryimage"},"thumbnailUrl":"https:\/\/www.maluentu.net\/wp-content\/uploads\/2023\/11\/Torre-di-Capo-Mannu.jpg","datePublished":"2023-11-27T16:10:41+00:00","dateModified":"2023-12-18T10:04:25+00:00","description":"Torre di Capo Mannu Torre di Capo Mannu: Der H\u00fcgel, auf dem der Turm steht, wurde 1572 als \"Capo las Salinas\" und 1578 als \"Monte delle Saline di","breadcrumb":{"@id":"https:\/\/www.maluentu.net\/territorio\/torre-di-capo-mannu\/#breadcrumb"},"inLanguage":"de","potentialAction":[{"@type":"ReadAction","target":["https:\/\/www.maluentu.net\/territorio\/torre-di-capo-mannu\/"]}]},{"@type":"ImageObject","inLanguage":"de","@id":"https:\/\/www.maluentu.net\/territorio\/torre-di-capo-mannu\/#primaryimage","url":"https:\/\/www.maluentu.net\/wp-content\/uploads\/2023\/11\/Torre-di-Capo-Mannu.jpg","contentUrl":"https:\/\/www.maluentu.net\/wp-content\/uploads\/2023\/11\/Torre-di-Capo-Mannu.jpg","width":800,"height":533},{"@type":"BreadcrumbList","@id":"https:\/\/www.maluentu.net\/territorio\/torre-di-capo-mannu\/#breadcrumb","itemListElement":[{"@type":"ListItem","position":1,"name":"Home","item":"https:\/\/www.maluentu.net\/en\/"},{"@type":"ListItem","position":2,"name":"Das Gebiet","item":"https:\/\/www.maluentu.net\/de\/das-gebiet\/"},{"@type":"ListItem","position":3,"name":"Torre di Capo Mannu"}]},{"@type":"WebSite","@id":"https:\/\/www.maluentu.net\/#website","url":"https:\/\/www.maluentu.net\/","name":"Maluentu - Hotel, Bar & Restaurant","description":"","publisher":{"@id":"https:\/\/www.maluentu.net\/#organization"},"potentialAction":[{"@type":"SearchAction","target":{"@type":"EntryPoint","urlTemplate":"https:\/\/www.maluentu.net\/?s={search_term_string}"},"query-input":{"@type":"PropertyValueSpecification","valueRequired":true,"valueName":"search_term_string"}}],"inLanguage":"de"},{"@type":"Organization","@id":"https:\/\/www.maluentu.net\/#organization","name":"Maluentu","url":"https:\/\/www.maluentu.net\/","logo":{"@type":"ImageObject","inLanguage":"de","@id":"https:\/\/www.maluentu.net\/#\/schema\/logo\/image\/","url":"https:\/\/www.maluentu.net\/wp-content\/uploads\/2023\/10\/Logo_Maluentu_500.png","contentUrl":"https:\/\/www.maluentu.net\/wp-content\/uploads\/2023\/10\/Logo_Maluentu_500.png","width":500,"height":500,"caption":"Maluentu"},"image":{"@id":"https:\/\/www.maluentu.net\/#\/schema\/logo\/image\/"},"sameAs":["https:\/\/www.facebook.com\/MaluentuPutzuidu","https:\/\/www.instagram.com\/maluentu\/"]}]}},"_links":{"self":[{"href":"https:\/\/www.maluentu.net\/de\/wp-json\/wp\/v2\/pages\/10872","targetHints":{"allow":["GET"]}}],"collection":[{"href":"https:\/\/www.maluentu.net\/de\/wp-json\/wp\/v2\/pages"}],"about":[{"href":"https:\/\/www.maluentu.net\/de\/wp-json\/wp\/v2\/types\/page"}],"author":[{"embeddable":true,"href":"https:\/\/www.maluentu.net\/de\/wp-json\/wp\/v2\/users\/1"}],"replies":[{"embeddable":true,"href":"https:\/\/www.maluentu.net\/de\/wp-json\/wp\/v2\/comments?post=10872"}],"version-history":[{"count":4,"href":"https:\/\/www.maluentu.net\/de\/wp-json\/wp\/v2\/pages\/10872\/revisions"}],"predecessor-version":[{"id":10877,"href":"https:\/\/www.maluentu.net\/de\/wp-json\/wp\/v2\/pages\/10872\/revisions\/10877"}],"up":[{"embeddable":true,"href":"https:\/\/www.maluentu.net\/de\/wp-json\/wp\/v2\/pages\/10974"}],"wp:featuredmedia":[{"embeddable":true,"href":"https:\/\/www.maluentu.net\/de\/wp-json\/wp\/v2\/media\/10873"}],"wp:attachment":[{"href":"https:\/\/www.maluentu.net\/de\/wp-json\/wp\/v2\/media?parent=10872"}],"curies":[{"name":"wp","href":"https:\/\/api.w.org\/{rel}","templated":true}]}}